{"id":140,"date":"2020-04-08T07:51:05","date_gmt":"2020-04-08T07:51:05","guid":{"rendered":"http:\/\/desarrollo.fronteira.eu\/fronteira2020\/?page_id=140"},"modified":"2020-05-25T08:00:53","modified_gmt":"2020-05-25T08:00:53","slug":"projeto","status":"publish","type":"page","link":"https:\/\/www.fronteira.eu\/fronteira2020\/pt\/projeto\/","title":{"rendered":"Projeto"},"content":{"rendered":"\n<p>O projeto FRONTEIRA 2020, enquadrado no Programa de Coopera\u00e7\u00e3o Interreg VA Espanha &#8211; Portugal (POCTEP), \u00e9 uma iniciativa transfronteiri\u00e7a desenvolvida em conjunto com entidades de Castela e Le\u00e3o e Centro de Portugal, com o objetivo de melhorar a competitividade das pequenas empresas. m\u00e9dias e m\u00e9dias empresas do ponto de vista inclusivo.<\/p>\n\n\n\n<p>O baixo esp\u00edrito empreendedor e as dificuldades de acesso ao financiamento nas \u00e1reas rurais transfronteiri\u00e7as, o que dificulta a cria\u00e7\u00e3o de novas empresas e limita o crescimento e o desenvolvimento das existentes, nos motiva a definir uma solu\u00e7\u00e3o voltada ao combate ao desemprego, promovendo competitividade, refor\u00e7ando a inova\u00e7\u00e3o nas empresas, para revitalizar a economia da regi\u00e3o.<\/p>\n\n\n\n<p>Al\u00e9m disso, trabalhando com as tr\u00eas \u00e1reas priorit\u00e1rias de fontes de emprego: servi\u00e7os de proximidade, turismo acess\u00edvel e o setor agroalimentar, trabalham de um ponto de vista inclusivo, que promove o emprego de pessoas em risco de exclus\u00e3o e fornece solu\u00e7\u00f5es para o atendimento de pessoas dependentes em territ\u00f3rios transfronteiri\u00e7os.<\/p>\n\n\n\n<p><strong>Os objetivos do projeto s\u00e3o:<\/strong><\/p>\n\n\n\n<div class=\"wp-block-columns\">\n<div class=\"wp-block-column is-vertically-aligned-center\" style=\"flex-basis:66.66%\">\n<ul><li>Desenvolver ferramentas metodol\u00f3gicas para interven\u00e7\u00e3o e avalia\u00e7\u00e3o de impacto, de natureza abrangente e territorial, aplic\u00e1veis \u200b\u200bna \u00e1rea de coopera\u00e7\u00e3o, e garantir sua transfer\u00eancia.<\/li><li>Melhorar a gest\u00e3o do conhecimento e sua transfer\u00eancia para outros territ\u00f3rios fronteiri\u00e7os, necess\u00e1rias para gerar condi\u00e7\u00f5es adequadas para o desenvolvimento de novos servi\u00e7os para a popula\u00e7\u00e3o e novas atividades de emprego em territ\u00f3rios exclu\u00eddos.<\/li><li>Realizar novas atividades na \u00e1rea de novas fontes de emprego com as quais melhorar os servi\u00e7os para a popula\u00e7\u00e3o e garantir o acesso ao emprego para pessoas com dificuldade de empregabilidade.<\/li><\/ul>\n<\/div>\n\n\n\n<div class=\"wp-block-column is-vertically-aligned-center\" style=\"flex-basis:33.33%\">\n<figure class=\"wp-block-image size-medium\"><img loading=\"lazy\" width=\"300\" height=\"226\" src=\"http:\/\/desarrollo.fronteira.eu\/fronteira2020\/wp-content\/uploads\/2020\/04\/ejemplo_proyecto-300x226.jpg\" alt=\"\" class=\"wp-image-132\" srcset=\"https:\/\/www.fronteira.eu\/fronteira2020\/wp-content\/uploads\/2020\/04\/ejemplo_proyecto-300x226.jpg 300w, https:\/\/www.fronteira.eu\/fronteira2020\/wp-content\/uploads\/2020\/04\/ejemplo_proyecto.jpg 541w\" sizes=\"(max-width: 300px) 100vw, 300px\" \/><\/figure>\n<\/div>\n<\/div>\n\n\n\n<p><strong>Os seguintes resultados tamb\u00e9m s\u00e3o apresentados:<\/strong><\/p>\n\n\n\n<ul><li>Foram desenvolvidas ferramentas em cada um dos setores de atividade identificados que facilitam os diagn\u00f3sticos de an\u00e1lises territoriais; Metodologia de interven\u00e7\u00e3o da NYE e Planejamento de A\u00e7\u00e3o Territorial-<\/li><li>Um banco de dados de produtos, recursos e atividades foi realizado em cada um dos.<\/li><li>Solu\u00e7\u00f5es tecnol\u00f3gicas foram desenvolvidas a partir da identifica\u00e7\u00e3o de necessidades no NYE.<\/li><li>Foi desenvolvida uma Metodologia do Plano de Neg\u00f3cios em Territ\u00f3rios Inclusivos (PN&amp;TI), favorecendo o acesso ao emprego para pessoas com dificuldade de empregabilidade.<\/li><li>Um scorecard e uma metodologia de Avalia\u00e7\u00e3o de Impacto foram preparados que nos permitem analisar a evolu\u00e7\u00e3o do territ\u00f3rio em dire\u00e7\u00e3o \u00e0 sua inclus\u00e3o.<\/li><\/ul>\n","protected":false},"excerpt":{"rendered":"<p>O projeto FRONTEIRA 2020, enquadrado no Programa de Coopera\u00e7\u00e3o Interreg VA Espanha &#8211; Portugal (POCTEP), \u00e9 uma iniciativa transfronteiri\u00e7a desenvolvida em conjunto com entidades de Castela e Le\u00e3o e Centro de Portugal, com o objetivo de melhorar a competitividade das<\/p>\n","protected":false},"author":1,"featured_media":0,"parent":0,"menu_order":0,"comment_status":"closed","ping_status":"closed","template":"","meta":[],"_links":{"self":[{"href":"https:\/\/www.fronteira.eu\/fronteira2020\/wp-json\/wp\/v2\/pages\/140"}],"collection":[{"href":"https:\/\/www.fronteira.eu\/fronteira2020\/wp-json\/wp\/v2\/pages"}],"about":[{"href":"https:\/\/www.fronteira.eu\/fronteira2020\/wp-json\/wp\/v2\/types\/page"}],"author":[{"embeddable":true,"href":"https:\/\/www.fronteira.eu\/fronteira2020\/wp-json\/wp\/v2\/users\/1"}],"replies":[{"embeddable":true,"href":"https:\/\/www.fronteira.eu\/fronteira2020\/wp-json\/wp\/v2\/comments?post=140"}],"version-history":[{"count":23,"href":"https:\/\/www.fronteira.eu\/fronteira2020\/wp-json\/wp\/v2\/pages\/140\/revisions"}],"predecessor-version":[{"id":544,"href":"https:\/\/www.fronteira.eu\/fronteira2020\/wp-json\/wp\/v2\/pages\/140\/revisions\/544"}],"wp:attachment":[{"href":"https:\/\/www.fronteira.eu\/fronteira2020\/wp-json\/wp\/v2\/media?parent=140"}],"curies":[{"name":"wp","href":"https:\/\/api.w.org\/{rel}","templated":true}]}}