{"id":835,"date":"2020-09-14T10:37:25","date_gmt":"2020-09-14T10:37:25","guid":{"rendered":"http:\/\/desarrollo.fronteira.eu\/RISfronteira\/?page_id=835"},"modified":"2020-09-14T11:12:06","modified_gmt":"2020-09-14T11:12:06","slug":"politica-de-privacidad-2","status":"publish","type":"page","link":"https:\/\/www.fronteira.eu\/RISfronteira\/pt\/politica-de-privacidad-2\/","title":{"rendered":"Pol\u00edtica de Privacidade"},"content":{"rendered":"\n<h3><strong>INFORMA\u00c7\u00d5ES B\u00c1SICAS SOBRE PROTE\u00c7\u00c3O DE DADOS EM NOSSOS FORMUL\u00c1RIOS<\/strong><\/h3>\n\n\n\n<p>Detalhes da pessoa respons\u00e1vel pelo processamento de dados:<\/p>\n\n\n\n<ul><li><strong>Nome comercial<\/strong>: ASPRODES<\/li><li><strong>Nome da empresa<\/strong>: ASPRODES<\/li><li><strong>NIF<\/strong>: G 37021946<\/li><li><strong>Sede<\/strong>: C \/ Mariseca 1, 37003 Salamanca<\/li><li><strong>Telefone<\/strong>: 923 18 68 93<\/li><li><strong>e-mail<\/strong>: asprodes@asprodes.es<\/li><li>Registrado no Registro (Comercial \/ P\u00fablico): 21 de junho de 1967<\/li><\/ul>\n\n\n\n<h3>FORMUL\u00c1RIO DE CONTATO NA WEB<\/h3>\n\n\n\n<ul><li><strong>Objetivo<\/strong>. Atender ao seu pedido de informa\u00e7\u00e3o efectuado atrav\u00e9s do nosso formul\u00e1rio de contacto e enviar-lhe comunica\u00e7\u00f5es e informa\u00e7\u00f5es sobre o PROJECTO FRONTEIRA por diversos meios, incluindo os electr\u00f3nicos, desde que assinale a caixa para o efeito.<\/li><li><strong>Legitima\u00e7\u00e3o<\/strong>. A legitimidade para o tratamento dos seus dados \u00e9 o consentimento expresso do interessado.<\/li><li><strong>Destinat\u00e1rios<\/strong>. Nenhum dado ser\u00e1 transferido a terceiros, exceto por obriga\u00e7\u00e3o legal.<\/li><\/ul>\n\n\n\n<h3>DIREITOS NO PROCESSAMENTO DE DADOS<\/h3>\n\n\n\n<p>Para todo o processamento de dados presente nesta pol\u00edtica de privacidade, voc\u00ea pode exercer os direitos de acesso, retifica\u00e7\u00e3o, exclus\u00e3o, oposi\u00e7\u00e3o, bem como outros direitos desenvolvidos em informa\u00e7\u00f5es adicionais.<\/p>\n\n\n\n<h3>INFORMA\u00c7\u00d5ES ADICIONAIS SOBRE PROTE\u00c7\u00c3O DE DADOS<\/h3>\n\n\n\n<p>Os dados que a ASPRODES venha a recolher atrav\u00e9s da utiliza\u00e7\u00e3o, navega\u00e7\u00e3o no site, dos nossos formul\u00e1rios, via e-mail ou pela rela\u00e7\u00e3o contratual que o une \u00e0 ASPRODES s\u00e3o dados pessoais. Ao preencher cada um dos formul\u00e1rios do nosso site haver\u00e1 uma s\u00e9rie de dados obrigat\u00f3rios, cujos campos est\u00e3o marcados com o s\u00edmbolo *. No caso de n\u00e3o preenchimento de tais campos, as finalidades descritas em cada um dos formul\u00e1rios n\u00e3o poder\u00e3o ser realizadas.<\/p>\n\n\n\n<p>Em algumas ocasi\u00f5es, informamos que, pelo simples uso e navega\u00e7\u00e3o em nosso site, ASPRODES armazenar\u00e1 dados relativos a:<\/p>\n\n\n\n<ul><li>endere\u00e7o IP<\/li><li>Vers\u00e3o do navegador<\/li><li>Sistema operacional<\/li><li>Dura\u00e7\u00e3o da visita ou navega\u00e7\u00e3o no site<\/li><\/ul>\n\n\n\n<p>ASPRODES reserva-se o direito de modificar ou adaptar esta Pol\u00edtica de Privacidade a qualquer momento. Portanto, recomendamos que voc\u00ea revise-o sempre que acessar o site.<\/p>\n\n\n\n<p><strong>Com que finalidade processamos seus dados pessoais?<\/strong><\/p>\n\n\n\n<p>A finalidade do tratamento dos dados recolhidos atrav\u00e9s dos formul\u00e1rios disponibilizados no nosso site, via e-mail ou em virtude da rela\u00e7\u00e3o contratual que o vincula \u00e0 ASPRODES ser\u00e1 descrita, em cada caso, nas informa\u00e7\u00f5es b\u00e1sicas sobre protec\u00e7\u00e3o de dados.<\/p>\n\n\n\n<p><strong>Por quanto tempo vamos manter seus dados pessoais?<\/strong><\/p>\n\n\n\n<p>Na ASPRODES guardaremos seus dados pessoais pelos per\u00edodos estabelecidos no quadro abaixo:<\/p>\n\n\n\n<table class=\"tablaprivacidad\" style=\"display: block; margin: 0 auto 20px; width: 100%;\" cellspacing=\"0\" cellpadding=\"0\" border=\"1\">\n<tbody>\n<tr>\n<td><strong>TRATAMENTO DE DADOS<\/strong><\/td>\n<td style=\"background-color: #eee;\" colspan=\"2\"><strong>TEMPO DE CONSERVA\u00c7\u00c3O DE DADOS<\/strong><\/td>\n<\/tr>\n<tr>\n<td rowspan=\"2\"><strong>Formul\u00e1rio de contato na web com publicidade<\/strong><\/td>\n<td style=\"background-color: #eee;\"><strong>Voc\u00ea concorda em receber publicidade<\/strong><\/td>\n<td>Os seus dados pessoais ser\u00e3o processados \u200b\u200bat\u00e9 que seja revogado o consentimento concedido para o efeito.<\/td>\n<\/tr>\n<tr>\n<td style=\"background-color: #eee;\"><strong>N\u00e3o aceite receber publicidade<\/strong><\/td>\n<td>Seus dados pessoais ser\u00e3o processados \u200b\u200bpelo tempo estritamente necess\u00e1rio para atender a sua solicita\u00e7\u00e3o.<\/td>\n<\/tr>\n<\/tbody>\n<\/table>\n\n\n\n<p><strong>Qual \u00e9 a legitimidade para o processamento de seus dados?<\/strong><\/p>\n\n\n\n<p>A legitimidade para o tratamento dos dados contidos nesta pol\u00edtica de privacidade \u00e9:<\/p>\n\n\n\n<ul><li><strong>Execu\u00e7\u00e3o de contrato<\/strong> de presta\u00e7\u00e3o de servi\u00e7os<\/li><li><strong>Consentimento expl\u00edcito da parte interessada no seguinte processamento de dados<\/strong>:<br>-Tratamento de dados em formul\u00e1rios de contato web.<br>-Divulga\u00e7\u00e3o no site e nas redes sociais das imagens ou v\u00eddeos captados durante a participa\u00e7\u00e3o em cursos e treinamentos.<br>-Tratamento dos dados do cliente que aparecem refletidos nas faturas.<\/li><li><strong>Conformidade com uma obriga\u00e7\u00e3o legal<\/strong>:<br>-As condi\u00e7\u00f5es de conserva\u00e7\u00e3o dos seus dados uma vez terminada a rela\u00e7\u00e3o contratual baseiam-se no cumprimento do disposto no C\u00f3digo Comercial.<br>-A comunica\u00e7\u00e3o dos seus dados quando solicitada pela Fiscaliza\u00e7\u00e3o Tribut\u00e1ria est\u00e1 protegida pela Lei 58\/2003, de 17 de Dezembro, Geral Tribut\u00e1rio.<\/li><\/ul>\n\n\n\n<p><strong>A quais destinat\u00e1rios seus dados ser\u00e3o comunicados?<\/strong><\/p>\n\n\n\n<p>Conforme indicado nas informa\u00e7\u00f5es b\u00e1sicas, nenhum dado ser\u00e1 transferido a terceiros, exceto por obriga\u00e7\u00e3o legal.<br>Nos casos em que for necess\u00e1rio, os dados do cliente podem ser transferidos para as seguintes organiza\u00e7\u00f5es, em conformidade com uma obriga\u00e7\u00e3o legal:<\/p>\n\n\n\n<ul><li>Os dados necess\u00e1rios ao cumprimento da obriga\u00e7\u00e3o legal podem ser transferidos para a Ag\u00eancia Fiscal Espanhola.<\/li><li>\u00c0s entidades banc\u00e1rias correspondentes, para estar em dia com os pagamentos.<\/li><li>Caso seja solicitado, seus dados ser\u00e3o transferidos para a Inspetoria do Trabalho.<\/li><\/ul>\n\n\n\n<p>Caso nos tenha dado o seu consentimento para o tratamento dos seus v\u00eddeos e imagens captados durante a sua participa\u00e7\u00e3o nos cursos ou forma\u00e7\u00f5es ASPRODES, estes ser\u00e3o divulgados nas diferentes redes sociais e no site da PROYECTO FRONTEIRA. Para tanto, recomendamos revisar a pol\u00edtica de privacidade das redes sociais utilizadas principalmente pela ASPRODES: Facebook e Instagram: As redes sociais, por serem norte-americanas, podem transferir dados para os Estados Unidos, por isso recomendamos que voc\u00ea conhe\u00e7a suas respectivas pol\u00edticas de privacidade.<\/p>\n\n\n\n<p><strong>Quais s\u00e3o os seus direitos em rela\u00e7\u00e3o ao processamento de dados?<\/strong><\/p>\n\n\n\n<p>Como propriet\u00e1rio dos dados, voc\u00ea tem o direito de obter a confirma\u00e7\u00e3o da exist\u00eancia de um tratamento dos seus dados, de acessar seus dados pessoais, solicitar a retifica\u00e7\u00e3o dos dados inexatos ou, se for o caso, solicitar a exclus\u00e3o, entre outros motivos , os dados n\u00e3o s\u00e3o mais necess\u00e1rios para os fins para os quais foram coletados ou voc\u00ea, como parte interessada, retira o consentimento concedido. A ASPRODES tratar\u00e1 e guardar\u00e1 os seus dados de acordo com a regulamenta\u00e7\u00e3o em vigor, sem preju\u00edzo do facto de, como interessado, poder solicitar, em qualquer caso, a limita\u00e7\u00e3o do tratamento dos seus dados. Em certos casos, voc\u00ea pode exercer seu direito \u00e0 portabilidade de dados, que ser\u00e1 entregue em um formato estruturado, comumente usado ou leg\u00edvel por m\u00e1quina para voc\u00ea ou para o novo controlador de dados que voc\u00ea designar. Voc\u00ea ter\u00e1 o direito de revogar seu consentimento a qualquer momento para qualquer um dos tratamentos para os quais voc\u00ea o concedeu. Dispomos de formul\u00e1rios para o exerc\u00edcio de todos os direitos acima indicados, mas tamb\u00e9m pode utilizar os elaborados pela Ag\u00eancia Espanhola de Prote\u00e7\u00e3o de Dados. Voc\u00ea ter\u00e1 o direito de fazer uma reclama\u00e7\u00e3o junto \u00e0 Ag\u00eancia Espanhola de Prote\u00e7\u00e3o de Dados, caso considere que o exerc\u00edcio de seus direitos n\u00e3o foi devidamente tratado. O prazo m\u00e1ximo para delibera\u00e7\u00e3o ser\u00e1 de um m\u00eas a partir do recebimento de sua solicita\u00e7\u00e3o. No caso de qualquer modifica\u00e7\u00e3o dos seus dados, agradecemos que nos comunique devidamente por escrito, a fim de manter os seus dados atualizados.<\/p>\n","protected":false},"excerpt":{"rendered":"<p>INFORMA\u00c7\u00d5ES B\u00c1SICAS SOBRE PROTE\u00c7\u00c3O DE DADOS EM NOSSOS FORMUL\u00c1RIOS Detalhes da pessoa respons\u00e1vel pelo processamento de dados: Nome comercial: ASPRODES Nome da empresa: ASPRODES NIF: G 37021946 Sede: C \/ Mariseca 1, 37003 Salamanca Telefone: 923 18 68 93 e-mail:<\/p>\n","protected":false},"author":1,"featured_media":0,"parent":0,"menu_order":0,"comment_status":"closed","ping_status":"closed","template":"","meta":[],"_links":{"self":[{"href":"https:\/\/www.fronteira.eu\/RISfronteira\/wp-json\/wp\/v2\/pages\/835"}],"collection":[{"href":"https:\/\/www.fronteira.eu\/RISfronteira\/wp-json\/wp\/v2\/pages"}],"about":[{"href":"https:\/\/www.fronteira.eu\/RISfronteira\/wp-json\/wp\/v2\/types\/page"}],"author":[{"embeddable":true,"href":"https:\/\/www.fronteira.eu\/RISfronteira\/wp-json\/wp\/v2\/users\/1"}],"replies":[{"embeddable":true,"href":"https:\/\/www.fronteira.eu\/RISfronteira\/wp-json\/wp\/v2\/comments?post=835"}],"version-history":[{"count":31,"href":"https:\/\/www.fronteira.eu\/RISfronteira\/wp-json\/wp\/v2\/pages\/835\/revisions"}],"predecessor-version":[{"id":887,"href":"https:\/\/www.fronteira.eu\/RISfronteira\/wp-json\/wp\/v2\/pages\/835\/revisions\/887"}],"wp:attachment":[{"href":"https:\/\/www.fronteira.eu\/RISfronteira\/wp-json\/wp\/v2\/media?parent=835"}],"curies":[{"name":"wp","href":"https:\/\/api.w.org\/{rel}","templated":true}]}}