{"id":403,"date":"2020-04-27T15:31:05","date_gmt":"2020-04-27T15:31:05","guid":{"rendered":"http:\/\/desarrollo.fronteira.eu\/RISfronteira\/?page_id=403"},"modified":"2024-11-19T10:56:40","modified_gmt":"2024-11-19T10:56:40","slug":"associacao-asprodes","status":"publish","type":"page","link":"https:\/\/www.fronteira.eu\/RISfronteira\/pt\/parceiros\/associacao-asprodes\/","title":{"rendered":"Associa\u00e7\u00e3o Asprodes Plena Inclusi\u00f3n Castilla y Le\u00f3n"},"content":{"rendered":"\n<p><\/p>\n\n\n\n<figure class=\"wp-block-image size-full img-logo_socio\"><img loading=\"lazy\" width=\"500\" height=\"200\" src=\"https:\/\/www.fronteira.eu\/RISfronteira\/wp-content\/uploads\/2024\/11\/socio21_asprodes.png\" alt=\"ASPRODES Plena inclusi\u00f3n Castilla y Le\u00f3n\" class=\"wp-image-1641\" srcset=\"https:\/\/www.fronteira.eu\/RISfronteira\/wp-content\/uploads\/2024\/11\/socio21_asprodes.png 500w, https:\/\/www.fronteira.eu\/RISfronteira\/wp-content\/uploads\/2024\/11\/socio21_asprodes-300x120.png 300w, https:\/\/www.fronteira.eu\/RISfronteira\/wp-content\/uploads\/2024\/11\/socio21_asprodes-200x80.png 200w\" sizes=\"(max-width: 500px) 100vw, 500px\" \/><\/figure>\n\n\n\n<h3><strong>Territ\u00f3rio<\/strong>:<\/h3>\n\n\n\n<p>Calle Mariseca 1, Bajo, 37003 Salamanca<\/p>\n\n\n\n<h3><strong><strong>Compet\u00eancias e experi\u00eancias relevantes<\/strong>:<\/strong><\/h3>\n\n\n\n<p>Asprodes Plena Inclusi\u00f3n Castilla y Le\u00f3n \u00e9 uma associa\u00e7\u00e3o criada, h\u00e1 mais de 50 anos, por um grupo de fam\u00edlias que decidiu empreender um trabalho coletivo de reivindica\u00e7\u00e3o e, mais tarde, gerenciamento de centros e servi\u00e7os.<\/p>\n\n\n\n<p>A Asprodes \u00e9 composta por fam\u00edlias, pessoas atendidas, volunt\u00e1rios, parceiros, clientes e profissionais que trabalham todos os dias para melhorar a qualidade de vida das pessoas com defici\u00eancia intelectual e suas fam\u00edlias.<\/p>\n\n\n\n<p>Atualmente, a Asprodes gerencia diferentes centros de dia, uma escola de educa\u00e7\u00e3o especial, um centro especial para emprego, habita\u00e7\u00e3o e resid\u00eancias em Salamanca e sua prov\u00edncia, apoiando mais de 1000 pessoas com defici\u00eancia e suas fam\u00edlias.<\/p>\n\n\n\n<h3>Site, redes sociais e e-mail de contato:<\/h3>\n\n\n\n<div class=\"redes-socios\">\n\n<p><span class=\"fa fa-globe\"><\/span>    <a href=\"https:\/\/www.asprodes.es\/\" target=\"_blank\" rel=\"noopener noreferrer\">www.asprodes.es\/<\/a><\/p>\n\n<p><span class=\"fa fa-facebook-f\"><\/span>    <a href=\"https:\/\/www.facebook.com\/ASPRODES\/\" target=\"_blank\" rel=\"noopener noreferrer\">\nwww.facebook.com\/ASPRODES\/ <\/a><\/p>\n\n<p><span class=\"fa fa-twitter\"><\/span>    <a href=\"https:\/\/www.twitter.com\/asprodessalaman\" target=\"_blank\" rel=\"noopener noreferrer\">www.twitter.com\/asprodessalaman<\/a><\/p>\n<p><span class=\"fa fa-instagram\"><\/span>    <a href=\"https:\/\/www.instagram.com\/grupoasprodes\/\" target=\"_blank\" rel=\"noopener noreferrer\">https:\/\/www.instagram.com\/grupoasprodes\/<\/a><\/p>\n\n<p><span class=\"fa fa-linkedin\"><\/span>    <a href=\"https:\/\/www.linkedin.com\/uas\/login?session_redirect=https%3A%2F%2Fwww.linkedin.com%2Fcompany%2F101284151%2Fadmin%2Ffeed%2Fposts%2F%2520\" target=\"_blank\" rel=\"noopener noreferrer\">https:\/\/www.linkedin.com\/uas\/login?session_redirect=https%3A%2F%2Fwww.linkedin.com%2Fcompany%2F101284151%2Fadmin%2Ffeed%2Fposts%2F%2520<\/a><\/p>\n\n\n<p><span class=\"fa fa-envelope\"><\/span>  <a href=\"mailto:asprodes@asprodes.es\" target=\"_blank\" rel=\"noopener noreferrer\">asprodes@asprodes.es<\/a><\/p> \n<\/div>\n","protected":false},"excerpt":{"rendered":"<p>(Coordenador)<br \/>\nAsprodes Plena Inclusi\u00f3n Castilla y Le\u00f3n \u00e9 uma associa\u00e7\u00e3o criada, h\u00e1 mais de 50 anos, por um grupo de fam\u00edlias que decidiu empreender um trabalho coletivo de reivindica\u00e7\u00e3o e, mais tarde, gerenciamento de centros e servi\u00e7os.<\/p>\n","protected":false},"author":1,"featured_media":221,"parent":417,"menu_order":0,"comment_status":"closed","ping_status":"closed","template":"","meta":[],"_links":{"self":[{"href":"https:\/\/www.fronteira.eu\/RISfronteira\/wp-json\/wp\/v2\/pages\/403"}],"collection":[{"href":"https:\/\/www.fronteira.eu\/RISfronteira\/wp-json\/wp\/v2\/pages"}],"about":[{"href":"https:\/\/www.fronteira.eu\/RISfronteira\/wp-json\/wp\/v2\/types\/page"}],"author":[{"embeddable":true,"href":"https:\/\/www.fronteira.eu\/RISfronteira\/wp-json\/wp\/v2\/users\/1"}],"replies":[{"embeddable":true,"href":"https:\/\/www.fronteira.eu\/RISfronteira\/wp-json\/wp\/v2\/comments?post=403"}],"version-history":[{"count":14,"href":"https:\/\/www.fronteira.eu\/RISfronteira\/wp-json\/wp\/v2\/pages\/403\/revisions"}],"predecessor-version":[{"id":1719,"href":"https:\/\/www.fronteira.eu\/RISfronteira\/wp-json\/wp\/v2\/pages\/403\/revisions\/1719"}],"up":[{"embeddable":true,"href":"https:\/\/www.fronteira.eu\/RISfronteira\/wp-json\/wp\/v2\/pages\/417"}],"wp:featuredmedia":[{"embeddable":true,"href":"https:\/\/www.fronteira.eu\/RISfronteira\/wp-json\/wp\/v2\/media\/221"}],"wp:attachment":[{"href":"https:\/\/www.fronteira.eu\/RISfronteira\/wp-json\/wp\/v2\/media?parent=403"}],"curies":[{"name":"wp","href":"https:\/\/api.w.org\/{rel}","templated":true}]}}